{"id":351,"date":"2021-11-12T11:02:54","date_gmt":"2021-11-12T10:02:54","guid":{"rendered":"https:\/\/zithasenior.lu\/seniorie-ste-zithe-contern\/"},"modified":"2023-02-15T12:29:36","modified_gmt":"2023-02-15T11:29:36","slug":"seniorie-ste-zithe-contern","status":"publish","type":"page","link":"https:\/\/www.zithasenior.lu\/de\/seniories-residences\/seniorie-ste-zithe-contern\/","title":{"rendered":"Seniorie Ste Zithe Contern"},"content":{"rendered":"<section class=\"wpb-content-wrapper\"><p>[vc_section full_width=&#8220;stretch_row&#8220; el_id=&#8220;residence-top-sec&#8220; css=&#8220;.vc_custom_1637054354909{background-image: url(\/wp-content\/uploads\/2021\/11\/Top.png?id=103) !important;}&#8220;][vc_row full_width=&#8220;stretch_row_content_no_spaces&#8220; el_id=&#8220;residence-top-row&#8220;][vc_column width=&#8220;1\/3&#8243;][vc_single_image image=&#8220;106&#8243; img_size=&#8220;full&#8220; alignment=&#8220;center&#8220;][\/vc_column][vc_column width=&#8220;2\/3&#8243;][vc_column_text]<\/p>\n<h1 class=\"lh-1 heading-half-mar\">Seniorie Ste Zithe<br \/>\nContern<\/h1>\n<p>[\/vc_column_text][vc_column_text]In einer expandierenden Ortschaft nahe der Hauptstadt wurde 2012 die Seniorie Ste Zithe Contern er\u00f6ffnet. Im Jahr 2018 wurde der Grundstein f\u00fcr den Bau einer neuen Kapelle gelegt; 2019 wurde die neue Kapelle geweiht.<br \/>\nDie Seniorie Ste Zithe Contern ist ein Pflegeheim, das sich an Senioren mit k\u00f6rperlichen Beschwerden und an Menschen mit Demenz richtet und \u00fcber 144 Einzelzimmer verf\u00fcgt. Die modernen Zimmer mit eigenem Bad und WC, Fernseher, K\u00fchlschrank und Internetanschluss sind auf zwei miteinander verbundene Geb\u00e4ude verteilt.<\/p>\n<p>Die Aufenthaltsfoyers und die offenen, behindertengerecht eingerichteten K\u00fcchen machen Lust auf Aufenthalt und Entspannung.<\/p>\n<p>Das auf den neuesten Erkenntnissen basierende Betreuungskonzept wird von einem professionellen und erfahrenen Team gew\u00e4hrleistet und auf den k\u00f6rperlichen und geistigen Gesundheitszustand jedes Einzelnen abgestimmt.<br \/>\nInmitten einer sch\u00f6nen, im Gr\u00fcnen gelegenen Ortschaft sind die therapeutischen G\u00e4rten sowie die Rund- und Wanderwege auch f\u00fcr Menschen mit eingeschr\u00e4nkter Mobilit\u00e4t zug\u00e4nglich.<\/p>\n<p>Der Gastronomie und der Hospitalit\u00e4t wird ein hoher Stellenwert einger\u00e4umt. Die Speisen bestehen aus frischen, regionalen Produkten und die Bewohner haben die Wahl, ihre Mahlzeiten entweder in ihrer Wohneinheit oder in der Brasserie einzunehmen. Im Sommer ist die gro\u00dfe Terrasse vor der Seniorie der ideale Ort, um einen Kaffee oder ein k\u00fchles Getr\u00e4nk zu genie\u00dfen.<\/p>\n<p>Die Zusammenarbeit mit den \u00f6rtlichen Vereinen und dem Club Senior unterst\u00fctzt und erweitert das soziokulturelle Angebot der Seniorie.[\/vc_column_text][\/vc_column][\/vc_row][vc_row el_id=&#8220;residence-contact-row&#8220;][vc_column width=&#8220;1\/2&#8243;][\/vc_column][vc_column width=&#8220;1\/2&#8243;][vc_column_text el_class=&#8220;al-center&#8220; css=&#8220;.vc_custom_1639044841242{margin-bottom: 0px !important;}&#8220;]<a class=\"scroll white big\" href=\"\/de\/kontakt\/\">Kontaktieren Sie uns jetzt<\/a>[\/vc_column_text][\/vc_column][\/vc_row][\/vc_section][vc_section full_width=&#8220;stretch_row&#8220; el_id=&#8220;residence-bot-sec&#8220; css=&#8220;.vc_custom_1637055312140{background-image: url(\/wp-content\/uploads\/2021\/11\/Bottom.png?id=110) !important;}&#8220;][vc_row full_width=&#8220;stretch_row_content&#8220; equal_height=&#8220;yes&#8220;][vc_column width=&#8220;1\/6&#8243;][\/vc_column][vc_column width=&#8220;2\/3&#8243; css=&#8220;.vc_custom_1637055826814{background-color: #0076b3 !important;}&#8220;][vc_row_inner gap=&#8220;10&#8243;][vc_column_inner width=&#8220;2\/3&#8243; el_id=&#8220;residence-equipment-col&#8220;][vc_column_text el_class=&#8220;white&#8220;]<\/p>\n<h3><strong>Ausstattung und Dienstleistungen<\/strong><\/h3>\n<ul class=\"residence-listing\">\n<li>144 Einzelzimmer mit Bad und WC in Wohneinheiten f\u00fcr 12 Personen<\/li>\n<li>Fernseher, K\u00fchlschrank, Internetanschluss in jedem Zimmer<\/li>\n<li>Richtet sich an Senioren mit geringen oder starken k\u00f6rperlichen Beeintr\u00e4chtigungen<\/li>\n<li>Spezialisiert auf die Betreuung bei Desorientierung und Demenz (Alzheimer-Krankheit)<\/li>\n<li>Ein erfahrenes Team von Fachleuten, das sich um die physischen, psychischen und psychologischen Bed\u00fcrfnisse der Person k\u00fcmmert<\/li>\n<li>Heimische K\u00fcche, Zubereitung der Mahlzeiten mit frischen und regionalen Produkten<\/li>\n<li>Kapelle<\/li>\n<li>Kiosk, Friseur<\/li>\n<\/ul>\n<p>[\/vc_column_text][\/vc_column_inner][vc_column_inner width=&#8220;1\/3&#8243; el_id=&#8220;dk-bot-contact-col&#8220;][vc_column_text el_class=&#8220;white residence-contact-info mob-hide-767&#8243;]<\/p>\n<h2>Kontakt<\/h2>\n<p>11, rue de Syren<br \/>\nL-5316 CONTERN<br \/>\nTel. : <a href=\"tel:+35227901\">27 90 1<\/a><br \/>\nE-mail : <a href=\"mailto:contern@zitha.lu\">contern@zitha.lu<\/a>[\/vc_column_text][vc_column_text el_class=&#8220;residence-links mob-hide-767&#8243;]<a class=\"white\" href=\"\/de\/medizinische-betreuung-contern\/\">&gt;&gt; Informationen \u00fcber die Praktizierenden<\/a><br \/>\n<a class=\"white\" href=\"\/de\/aufnahme-und-preise\/\">&gt;&gt; Aufnahme und Preise<\/a>[\/vc_column_text][\/vc_column_inner][\/vc_row_inner][vc_row_inner gap=&#8220;10&#8243;][vc_column_inner width=&#8220;2\/3&#8243;][vc_column_text el_class=&#8220;white&#8220;]<\/p>\n<h3><strong>Lage<\/strong><\/h3>\n<ul class=\"residence-listing\">\n<li>In einer expandierenden Ortschaft nahe der Hauptstadt.<\/li>\n<li>Spezialisiertes Angebot f\u00fcr Bewohner mit Demenz<\/li>\n<li>Rund- und Wanderwege f\u00fcr alle zug\u00e4nglich<\/li>\n<li>Gute Busverbindungen nach Luxemburg-Stadt<\/li>\n<\/ul>\n<p>[\/vc_column_text][\/vc_column_inner][vc_column_inner width=&#8220;1\/3&#8243; el_id=&#8220;bot-contact-col&#8220;][vc_column_text el_class=&#8220;white residence-contact-info mob-block-767&#8243;]<\/p>\n<h2>Kontakt<\/h2>\n<p>11, rue de Syren<br \/>\nL-5316 CONTERN<br \/>\nTel. : <a href=\"tel:+35227905\">27 90 5<\/a><br \/>\nE-mail : <a href=\"mailto:contern@zitha.lu\">contern@zitha.lu<\/a>[\/vc_column_text][vc_column_text el_class=&#8220;residence-links mob-block-767&#8243;]<a class=\"white\" href=\"\/de\/medizinische-betreuung-contern\/\">&gt;&gt; Informationen \u00fcber die Praktizierenden<\/a><br \/>\n<a class=\"white\" href=\"\/de\/aufnahme-und-preise\/\">&gt;&gt; Aufnahme und Preise<\/a>[\/vc_column_text][vc_column_text el_class=&#8220;white&#8220;]<\/p>\n<div class=\"residence-director-info\"><strong>Sandro COLLARINI<\/strong><br \/>\nDirektor<\/div>\n<p>[\/vc_column_text][vc_column_text el_class=&#8220;white&#8220;]<\/p>\n<div class=\"residence-director-info\"><strong>Nadine OSWALD<\/strong><br \/>\nBeauftragte f\u00fcr die Leitung<\/div>\n<p>[\/vc_column_text][\/vc_column_inner][\/vc_row_inner][\/vc_column][vc_column width=&#8220;1\/6&#8243; css=&#8220;.vc_custom_1637056560238{background-color: #0076b3 !important;}&#8220;][\/vc_column][\/vc_row][\/vc_section]<\/p>\n<\/section>","protected":false},"excerpt":{"rendered":"<p>[vc_section full_width=&#8220;stretch_row&#8220; el_id=&#8220;residence-top-sec&#8220; css=&#8220;.vc_custom_1637054354909{background-image: url(\/wp-content\/uploads\/2021\/11\/Top.png?id=103) !important;}&#8220;][vc_row full_width=&#8220;stretch_row_content_no_spaces&#8220; el_id=&#8220;residence-top-row&#8220;][vc_column width=&#8220;1\/3&#8243;][vc_single_image image=&#8220;106&#8243; img_size=&#8220;full&#8220; alignment=&#8220;center&#8220;][\/vc_column][vc_column width=&#8220;2\/3&#8243;][vc_column_text] Seniorie Ste Zithe Contern [\/vc_column_text][vc_column_text]In einer expandierenden Ortschaft nahe der Hauptstadt wurde 2012<span class=\"excerpt-hellip\"> [\u2026]<\/span><\/p>\n","protected":false},"author":1,"featured_media":0,"parent":355,"menu_order":0,"comment_status":"closed","ping_status":"closed","template":"","meta":{"footnotes":""},"class_list":["post-351","page","type-page","status-publish","hentry"],"yoast_head":"<!-- This site is optimized with the Yoast SEO plugin v21.7 - https:\/\/yoast.com\/wordpress\/plugins\/seo\/ -->\n<title>Seniorie Ste Zithe Contern - Zitha Senior<\/title>\n<meta name=\"robots\" content=\"index, follow, max-snippet:-1, max-image-preview:large, max-video-preview:-1\" \/>\n<link rel=\"canonical\" href=\"https:\/\/www.zithasenior.lu\/de\/seniories-residences\/seniorie-ste-zithe-contern\/\" \/>\n<meta property=\"og:locale\" content=\"de_DE\" \/>\n<meta property=\"og:type\" content=\"article\" \/>\n<meta property=\"og:title\" content=\"Seniorie Ste Zithe Contern - Zitha Senior\" \/>\n<meta property=\"og:description\" content=\"[vc_section full_width=&#8220;stretch_row&#8220; el_id=&#8220;residence-top-sec&#8220; css=&#8220;.vc_custom_1637054354909{background-image: url(\/wp-content\/uploads\/2021\/11\/Top.png?id=103) !important;}&#8220;][vc_row full_width=&#8220;stretch_row_content_no_spaces&#8220; el_id=&#8220;residence-top-row&#8220;][vc_column width=&#8220;1\/3&#8243;][vc_single_image image=&#8220;106&#8243; img_size=&#8220;full&#8220; alignment=&#8220;center&#8220;][\/vc_column][vc_column width=&#8220;2\/3&#8243;][vc_column_text] Seniorie Ste Zithe Contern [\/vc_column_text][vc_column_text]In einer expandierenden Ortschaft nahe der Hauptstadt wurde 2012 [\u2026]\" \/>\n<meta property=\"og:url\" content=\"https:\/\/www.zithasenior.lu\/de\/seniories-residences\/seniorie-ste-zithe-contern\/\" \/>\n<meta property=\"og:site_name\" content=\"Zitha Senior\" \/>\n<meta property=\"article:modified_time\" content=\"2023-02-15T11:29:36+00:00\" \/>\n<meta name=\"twitter:card\" content=\"summary_large_image\" \/>\n<meta name=\"twitter:label1\" content=\"Gesch\u00e4tzte Lesezeit\" \/>\n\t<meta name=\"twitter:data1\" content=\"2\u00a0Minuten\" \/>\n<script type=\"application\/ld+json\" class=\"yoast-schema-graph\">{\"@context\":\"https:\/\/schema.org\",\"@graph\":[{\"@type\":\"WebPage\",\"@id\":\"https:\/\/www.zithasenior.lu\/de\/seniories-residences\/seniorie-ste-zithe-contern\/\",\"url\":\"https:\/\/www.zithasenior.lu\/de\/seniories-residences\/seniorie-ste-zithe-contern\/\",\"name\":\"Seniorie Ste Zithe Contern - Zitha Senior\",\"isPartOf\":{\"@id\":\"https:\/\/www.zithasenior.lu\/#website\"},\"datePublished\":\"2021-11-12T10:02:54+00:00\",\"dateModified\":\"2023-02-15T11:29:36+00:00\",\"breadcrumb\":{\"@id\":\"https:\/\/www.zithasenior.lu\/de\/seniories-residences\/seniorie-ste-zithe-contern\/#breadcrumb\"},\"inLanguage\":\"de\",\"potentialAction\":[{\"@type\":\"ReadAction\",\"target\":[\"https:\/\/www.zithasenior.lu\/de\/seniories-residences\/seniorie-ste-zithe-contern\/\"]}]},{\"@type\":\"BreadcrumbList\",\"@id\":\"https:\/\/www.zithasenior.lu\/de\/seniories-residences\/seniorie-ste-zithe-contern\/#breadcrumb\",\"itemListElement\":[{\"@type\":\"ListItem\",\"position\":1,\"name\":\"Home\",\"item\":\"https:\/\/www.zithasenior.lu\/de\/\"},{\"@type\":\"ListItem\",\"position\":2,\"name\":\"Seniories &#038; R\u00e9sidences\",\"item\":\"https:\/\/www.zithasenior.lu\/de\/seniories-residences\/\"},{\"@type\":\"ListItem\",\"position\":3,\"name\":\"Seniorie Ste Zithe Contern\"}]},{\"@type\":\"WebSite\",\"@id\":\"https:\/\/www.zithasenior.lu\/#website\",\"url\":\"https:\/\/www.zithasenior.lu\/\",\"name\":\"Zitha Senior\",\"description\":\"\",\"inLanguage\":\"de\"}]}<\/script>\n<!-- \/ Yoast SEO plugin. -->","yoast_head_json":{"title":"Seniorie Ste Zithe Contern - Zitha Senior","robots":{"index":"index","follow":"follow","max-snippet":"max-snippet:-1","max-image-preview":"max-image-preview:large","max-video-preview":"max-video-preview:-1"},"canonical":"https:\/\/www.zithasenior.lu\/de\/seniories-residences\/seniorie-ste-zithe-contern\/","og_locale":"de_DE","og_type":"article","og_title":"Seniorie Ste Zithe Contern - Zitha Senior","og_description":"[vc_section full_width=&#8220;stretch_row&#8220; el_id=&#8220;residence-top-sec&#8220; css=&#8220;.vc_custom_1637054354909{background-image: url(\/wp-content\/uploads\/2021\/11\/Top.png?id=103) !important;}&#8220;][vc_row full_width=&#8220;stretch_row_content_no_spaces&#8220; el_id=&#8220;residence-top-row&#8220;][vc_column width=&#8220;1\/3&#8243;][vc_single_image image=&#8220;106&#8243; img_size=&#8220;full&#8220; alignment=&#8220;center&#8220;][\/vc_column][vc_column width=&#8220;2\/3&#8243;][vc_column_text] Seniorie Ste Zithe Contern [\/vc_column_text][vc_column_text]In einer expandierenden Ortschaft nahe der Hauptstadt wurde 2012 [\u2026]","og_url":"https:\/\/www.zithasenior.lu\/de\/seniories-residences\/seniorie-ste-zithe-contern\/","og_site_name":"Zitha Senior","article_modified_time":"2023-02-15T11:29:36+00:00","twitter_card":"summary_large_image","twitter_misc":{"Gesch\u00e4tzte Lesezeit":"2\u00a0Minuten"},"schema":{"@context":"https:\/\/schema.org","@graph":[{"@type":"WebPage","@id":"https:\/\/www.zithasenior.lu\/de\/seniories-residences\/seniorie-ste-zithe-contern\/","url":"https:\/\/www.zithasenior.lu\/de\/seniories-residences\/seniorie-ste-zithe-contern\/","name":"Seniorie Ste Zithe Contern - Zitha Senior","isPartOf":{"@id":"https:\/\/www.zithasenior.lu\/#website"},"datePublished":"2021-11-12T10:02:54+00:00","dateModified":"2023-02-15T11:29:36+00:00","breadcrumb":{"@id":"https:\/\/www.zithasenior.lu\/de\/seniories-residences\/seniorie-ste-zithe-contern\/#breadcrumb"},"inLanguage":"de","potentialAction":[{"@type":"ReadAction","target":["https:\/\/www.zithasenior.lu\/de\/seniories-residences\/seniorie-ste-zithe-contern\/"]}]},{"@type":"BreadcrumbList","@id":"https:\/\/www.zithasenior.lu\/de\/seniories-residences\/seniorie-ste-zithe-contern\/#breadcrumb","itemListElement":[{"@type":"ListItem","position":1,"name":"Home","item":"https:\/\/www.zithasenior.lu\/de\/"},{"@type":"ListItem","position":2,"name":"Seniories &#038; R\u00e9sidences","item":"https:\/\/www.zithasenior.lu\/de\/seniories-residences\/"},{"@type":"ListItem","position":3,"name":"Seniorie Ste Zithe Contern"}]},{"@type":"WebSite","@id":"https:\/\/www.zithasenior.lu\/#website","url":"https:\/\/www.zithasenior.lu\/","name":"Zitha Senior","description":"","inLanguage":"de"}]}},"_links":{"self":[{"href":"https:\/\/www.zithasenior.lu\/de\/wp-json\/wp\/v2\/pages\/351","targetHints":{"allow":["GET"]}}],"collection":[{"href":"https:\/\/www.zithasenior.lu\/de\/wp-json\/wp\/v2\/pages"}],"about":[{"href":"https:\/\/www.zithasenior.lu\/de\/wp-json\/wp\/v2\/types\/page"}],"author":[{"embeddable":true,"href":"https:\/\/www.zithasenior.lu\/de\/wp-json\/wp\/v2\/users\/1"}],"replies":[{"embeddable":true,"href":"https:\/\/www.zithasenior.lu\/de\/wp-json\/wp\/v2\/comments?post=351"}],"version-history":[{"count":4,"href":"https:\/\/www.zithasenior.lu\/de\/wp-json\/wp\/v2\/pages\/351\/revisions"}],"predecessor-version":[{"id":522,"href":"https:\/\/www.zithasenior.lu\/de\/wp-json\/wp\/v2\/pages\/351\/revisions\/522"}],"up":[{"embeddable":true,"href":"https:\/\/www.zithasenior.lu\/de\/wp-json\/wp\/v2\/pages\/355"}],"wp:attachment":[{"href":"https:\/\/www.zithasenior.lu\/de\/wp-json\/wp\/v2\/media?parent=351"}],"curies":[{"name":"wp","href":"https:\/\/api.w.org\/{rel}","templated":true}]}}