{"id":343,"date":"2021-11-12T11:01:58","date_gmt":"2021-11-12T10:01:58","guid":{"rendered":"https:\/\/zithasenior.lu\/seniorie-st-joseph-consdorf\/"},"modified":"2025-11-20T17:25:57","modified_gmt":"2025-11-20T16:25:57","slug":"seniorie-st-joseph-consdorf","status":"publish","type":"page","link":"https:\/\/www.zithasenior.lu\/de\/seniories-residences\/seniorie-st-joseph-consdorf\/","title":{"rendered":"Seniorie St Joseph Consdorf"},"content":{"rendered":"<section class=\"wpb-content-wrapper\"><p>[vc_section full_width=&#8220;stretch_row_content&#8220; css=&#8220;.vc_custom_1763655953457{background-color: #000000 !important;}&#8220;][vc_row][vc_column][vc_raw_html]JTNDaWZyYW1lJTIwd2lkdGglM0QlMjIxMDAlMjUlMjIlMjBoZWlnaHQlM0QlMjI2MDAlMjIlMjBzcmMlM0QlMjJodHRwcyUzQSUyRiUyRnd3dy55b3V0dWJlLmNvbSUyRmVtYmVkJTJGSG1PTzlxejRpbTAlM0Zjb250cm9scyUzRDAlMjZyZWwlM0QwJTI2bW9kZXN0YnJhbmRpbmclM0QxJTI2YXV0b3BsYXklM0QxJTI2bG9vcCUzRDElMjZwbGF5bGlzdCUzREhtT085cXo0aW0wJTIyJTIwZnJhbWVib3JkZXIlM0QlMjIwJTIyJTIwJTBBJTIwJTIwJTIwJTIwYWxsb3clM0QlMjJhdXRvcGxheSUzQiUyMGVuY3J5cHRlZC1tZWRpYSUyMiUyMCUwQSUyMCUyMCUyMCUyMGFsbG93ZnVsbHNjcmVlbiUzRSUzQyUyRmlmcmFtZSUzRQ==[\/vc_raw_html][\/vc_column][\/vc_row][\/vc_section][vc_section full_width=&#8220;stretch_row&#8220; el_id=&#8220;residence-top-sec&#8220; css=&#8220;.vc_custom_1637054354909{background-image: url(\/wp-content\/uploads\/2021\/11\/Top.png?id=103) !important;}&#8220;][vc_row full_width=&#8220;stretch_row_content_no_spaces&#8220; el_id=&#8220;residence-top-row&#8220;][vc_column width=&#8220;1\/3&#8243;][vc_single_image image=&#8220;155&#8243; img_size=&#8220;full&#8220; alignment=&#8220;center&#8220;][\/vc_column][vc_column width=&#8220;2\/3&#8243;][vc_column_text]<\/p>\n<h1 class=\"lh-1 heading-half-mar\">Seniorie St Joseph<br \/>\nConsdorf<\/h1>\n<p>[\/vc_column_text][vc_column_text]Von 1917 bis 1970 diente das Geb\u00e4ude in Consdorf als Kindergarten. Au\u00dferdem wurden dort Handarbeitskurse angeboten und es handelte sich um erste Zweigstelle f\u00fcr h\u00e4usliche Pflege der Zitha. 1970 wurde der Umbau zu einem Altenheim mit 38 Betten abgeschlossen. 29 Jahre sp\u00e4ter, im Jahr 1999, erteilte das Ministerium f\u00fcr Familie, Integration und Gro\u00dfregion die vorl\u00e4ufige Zulassung als CIPA (Integriertes Zentrum f\u00fcr \u00e4ltere Menschen). Im Jahr 2004 wurde das Projekt cmA (chronisch mehrfachgesch\u00e4digte Abh\u00e4ngigkeitskranke) gestartet. Nach der Anpassung an die Vorschriften wurde die Bettenzahl 2006 auf 42 Betten erh\u00f6ht. Im Jahr 2010 wurde das Pilotprojekt f\u00fcr Patienten mit dem Korsakoff-Syndrom gestartet. Die endg\u00fcltige Zulassung als CIPA wurde 2011 erteilt. Im Jahr 2015 wurde gr\u00fcnes Licht f\u00fcr den Um- und Ausbau in Consdorf gegeben. Angesichts der zunehmenden Pflegebed\u00fcrftigkeit und der notwendigen Behandlungen der Bewohner erteilte das Ministerium f\u00fcr Familie, Integration und die Gro\u00dfregion 2016 die Zulassung als Pflegeheim. Das neue Geb\u00e4ude wurde 2018 er\u00f6ffnet und somit konnte die Modernisierung des alten Geb\u00e4udes beginnen. Im Jahr 2020 nahm die Enceinte II &#8211; ein vollst\u00e4ndig restauriertes Altgeb\u00e4ude &#8211; die ersten Bewohner auf.<\/p>\n<p>Jetzt verf\u00fcgt der Standort Consdorf, mitten in der Natur im Herzen des M\u00fcllerthals in einer ruhigen, l\u00e4ndlichen Gegend, \u00fcber insgesamt 88 Betten in zwei Geb\u00e4uden, die durch einen unterirdischen Tunnel miteinander verbunden sind.<\/p>\n<p>Enceinte I zeichnet sich durch ein auf die individuellen Bed\u00fcrfnisse zugeschnittenes gerontologisches Pflegekonzept, helle und freundliche Wohnbereiche mit Einbauk\u00fcchen und eine famili\u00e4re Atmosph\u00e4re aus, die durch die geringe Gr\u00f6\u00dfe gew\u00e4hrleistet wird.<\/p>\n<p>Die Enceinte II mit ihrer modernen und zeitgem\u00e4\u00dfen Infrastruktur ist ein Ort, an dem es sich gut leben l\u00e4sst. Die 44 Einzelzimmer, die auf drei Wohnbereiche aufgeteilt sind, sind f\u00fcr die psychiatrische Langzeitbetreuung von Menschen mit chronischen psychiatrischen Erkrankungen vorgesehen.<\/p>\n<p>Das interne Pflegepersonal sowie das multidisziplin\u00e4re therapeutische Team bestehend aus Psychologen, Ergotherapeuten, Physiotherapeuten und P\u00e4dagogen gew\u00e4hrleisten eine optimale, ganzheitliche und qualitativ hochwertige Betreuung, die auf die Ressourcen und Bed\u00fcrfnisse jedes einzelnen Bewohners zugeschnitten ist.<\/p>\n<p>Ein breites Spektrum an Aktivit\u00e4ten und spezialisierten Pflegediensten steht Bewohnern aller Altersgruppen zur Verf\u00fcgung.<\/p>\n<p>Eine gro\u00dfe Brasserie mit abwechslungsreichen, vor Ort hergestellten Men\u00fcs und regelm\u00e4\u00dfige kulturelle Veranstaltungen wie Konzerte und Auff\u00fchrungen runden das Angebot ab.[\/vc_column_text][\/vc_column][\/vc_row][vc_row el_id=&#8220;residence-contact-row&#8220;][vc_column width=&#8220;1\/2&#8243;][\/vc_column][vc_column width=&#8220;1\/2&#8243;][vc_column_text el_class=&#8220;al-center&#8220; css=&#8220;.vc_custom_1639044260398{margin-bottom: 0px !important;}&#8220;]<a class=\"scroll white big\" href=\"\/de\/kontakt\/\">Kontaktieren Sie uns jetzt<\/a>[\/vc_column_text][\/vc_column][\/vc_row][\/vc_section][vc_section full_width=&#8220;stretch_row&#8220; el_id=&#8220;residence-bot-sec&#8220; css=&#8220;.vc_custom_1637055312140{background-image: url(\/wp-content\/uploads\/2021\/11\/Bottom.png?id=110) !important;}&#8220;][vc_row full_width=&#8220;stretch_row_content&#8220; equal_height=&#8220;yes&#8220;][vc_column width=&#8220;1\/6&#8243;][\/vc_column][vc_column width=&#8220;2\/3&#8243; css=&#8220;.vc_custom_1637055826814{background-color: #0076b3 !important;}&#8220;][vc_row_inner gap=&#8220;10&#8243;][vc_column_inner width=&#8220;2\/3&#8243; el_id=&#8220;residence-equipment-col&#8220;][vc_column_text el_class=&#8220;white&#8220;]<\/p>\n<h3><strong>Ausstattung und Dienstleistungen<\/strong><\/h3>\n<ul class=\"residence-listing\">\n<li>Zwei moderne Geb\u00e4ude mit Restaurants, einladenden Terrassen und Gr\u00fcnfl\u00e4chen<\/li>\n<li>Insgesamt 88 voll m\u00f6blierte Zimmer mit individueller Gestaltungsm\u00f6glichkeit, davon 44 Zimmer f\u00fcr Senioren und 44 Zimmer f\u00fcr chronisch psychiatrische Patienten<\/li>\n<li>Pflegekonzepte, die auf die individuellen Bed\u00fcrfnisse zugeschnitten sind, einschlie\u00dflich geriatrischer Langzeitpflege und psychiatrischer Langzeitpflege<\/li>\n<li>Regelm\u00e4\u00dfige Feste, Ausfl\u00fcge, traditionelle und spirituelle Veranstaltungen<\/li>\n<li>Helle Wohnr\u00e4ume mit komfortabler Ausstattung<\/li>\n<li>Heimische K\u00fcche, traditionelle Zubereitung mit regionalen Produkten<\/li>\n<li>Psychologische, ergotherapeutische und physiotherapeutische Dienste sowie handwerkliche Werkst\u00e4tten<\/li>\n<\/ul>\n<p>[\/vc_column_text][\/vc_column_inner][vc_column_inner width=&#8220;1\/3&#8243; el_id=&#8220;dk-bot-contact-col&#8220;][vc_column_text el_class=&#8220;white residence-contact-info mob-hide-767&#8243;]<\/p>\n<h2>Kontakt<\/h2>\n<p>4-5, rue Burgkapp<br \/>\nL-6211 CONSDORF<br \/>\nTel.: <a href=\"tel:+352264531\">26 45 31<\/a><br \/>\nE-mail : <a href=\"mailto:consdorf@zitha.lu\">consdorf@zitha.lu<\/a>[\/vc_column_text][vc_column_text el_class=&#8220;residence-links mob-hide-767&#8243;]<a class=\"white\" href=\"\/de\/medizinische-betreuung-consdorf\/\">&gt;&gt; Informationen \u00fcber die Praktizierenden<\/a><a href=\"tel:+3525090811\"><br \/>\n<\/a><a class=\"white\" href=\"\/de\/aufnahme-und-preise\/\">&gt;&gt; Aufnahme und Preise<\/a>[\/vc_column_text][\/vc_column_inner][\/vc_row_inner][vc_row_inner gap=&#8220;10&#8243;][vc_column_inner width=&#8220;2\/3&#8243;][vc_column_text el_class=&#8220;white&#8220;]<\/p>\n<h3><strong>Lage<\/strong><\/h3>\n<ul class=\"residence-listing\">\n<li>Mitten in der Natur, im Herzen des M\u00fcllerthals<\/li>\n<li>Ruhige Lage in einer l\u00e4ndlichen Gegend<\/li>\n<li>In der N\u00e4he von \u00f6ffentlichen Verkehrsmitteln<\/li>\n<li>In der N\u00e4he von Echternach<\/li>\n<\/ul>\n<p>[\/vc_column_text][\/vc_column_inner][vc_column_inner width=&#8220;1\/3&#8243; el_id=&#8220;bot-contact-col&#8220;][vc_column_text el_class=&#8220;white residence-contact-info mob-block-767&#8243;]<\/p>\n<h2>Kontakt<\/h2>\n<p>4-5, rue Burgkapp<br \/>\nL-6211 CONSDORF<br \/>\nTel.: <a href=\"tel:+352264531\">26 45 31<\/a><br \/>\nE-mail : <a href=\"mailto:consdorf@zitha.lu\">consdorf@zitha.lu<\/a>[\/vc_column_text][vc_column_text el_class=&#8220;residence-links mob-block-767&#8243;]<a class=\"white\" href=\"\/de\/medizinische-betreuung-consdorf\/\">&gt;&gt; Informationen \u00fcber die Praktizierenden<\/a><a href=\"tel:+3525090811\"><br \/>\n<\/a><a class=\"white\" href=\"\/de\/aufnahme-und-preise\/\">&gt;&gt; Aufnahme und Preise<\/a>[\/vc_column_text][vc_column_text el_class=&#8220;white&#8220;]<\/p>\n<div class=\"residence-director-info\"><strong>Christiane THEISEN<\/strong><br \/>\nDirectrice<\/div>\n<p>[\/vc_column_text][\/vc_column_inner][\/vc_row_inner][\/vc_column][vc_column width=&#8220;1\/6&#8243; css=&#8220;.vc_custom_1637056560238{background-color: #0076b3 !important;}&#8220;][\/vc_column][\/vc_row][\/vc_section]<\/p>\n<\/section>","protected":false},"excerpt":{"rendered":"<p>[vc_section full_width=&#8220;stretch_row_content&#8220; css=&#8220;.vc_custom_1763655953457{background-color: #000000 !important;}&#8220;][vc_row][vc_column][vc_raw_html]JTNDaWZyYW1lJTIwd2lkdGglM0QlMjIxMDAlMjUlMjIlMjBoZWlnaHQlM0QlMjI2MDAlMjIlMjBzcmMlM0QlMjJodHRwcyUzQSUyRiUyRnd3dy55b3V0dWJlLmNvbSUyRmVtYmVkJTJGSG1PTzlxejRpbTAlM0Zjb250cm9scyUzRDAlMjZyZWwlM0QwJTI2bW9kZXN0YnJhbmRpbmclM0QxJTI2YXV0b3BsYXklM0QxJTI2bG9vcCUzRDElMjZwbGF5bGlzdCUzREhtT085cXo0aW0wJTIyJTIwZnJhbWVib3JkZXIlM0QlMjIwJTIyJTIwJTBBJTIwJTIwJTIwJTIwYWxsb3clM0QlMjJhdXRvcGxheSUzQiUyMGVuY3J5cHRlZC1tZWRpYSUyMiUyMCUwQSUyMCUyMCUyMCUyMGFsbG93ZnVsbHNjcmVlbiUzRSUzQyUyRmlmcmFtZSUzRQ==[\/vc_raw_html][\/vc_column][\/vc_row][\/vc_section][vc_section full_width=&#8220;stretch_row&#8220; el_id=&#8220;residence-top-sec&#8220; css=&#8220;.vc_custom_1637054354909{background-image: url(\/wp-content\/uploads\/2021\/11\/Top.png?id=103) !important;}&#8220;][vc_row full_width=&#8220;stretch_row_content_no_spaces&#8220; el_id=&#8220;residence-top-row&#8220;][vc_column width=&#8220;1\/3&#8243;][vc_single_image image=&#8220;155&#8243; img_size=&#8220;full&#8220; alignment=&#8220;center&#8220;][\/vc_column][vc_column width=&#8220;2\/3&#8243;][vc_column_text] Seniorie St Joseph Consdorf [\/vc_column_text][vc_column_text]Von 1917 bis 1970 diente<span class=\"excerpt-hellip\"> [\u2026]<\/span><\/p>\n","protected":false},"author":1,"featured_media":0,"parent":355,"menu_order":0,"comment_status":"closed","ping_status":"closed","template":"","meta":{"footnotes":""},"class_list":["post-343","page","type-page","status-publish","hentry"],"yoast_head":"<!-- This site is optimized with the Yoast SEO plugin v21.7 - https:\/\/yoast.com\/wordpress\/plugins\/seo\/ -->\n<title>Seniorie St Joseph Consdorf - Zitha Senior<\/title>\n<meta name=\"robots\" content=\"index, follow, max-snippet:-1, max-image-preview:large, max-video-preview:-1\" \/>\n<link rel=\"canonical\" href=\"https:\/\/www.zithasenior.lu\/de\/seniories-residences\/seniorie-st-joseph-consdorf\/\" \/>\n<meta property=\"og:locale\" content=\"de_DE\" \/>\n<meta property=\"og:type\" content=\"article\" \/>\n<meta property=\"og:title\" content=\"Seniorie St Joseph Consdorf - Zitha Senior\" \/>\n<meta property=\"og:description\" content=\"[vc_section full_width=&#8220;stretch_row_content&#8220; css=&#8220;.vc_custom_1763655953457{background-color: #000000 !important;}&#8220;][vc_row][vc_column][vc_raw_html]JTNDaWZyYW1lJTIwd2lkdGglM0QlMjIxMDAlMjUlMjIlMjBoZWlnaHQlM0QlMjI2MDAlMjIlMjBzcmMlM0QlMjJodHRwcyUzQSUyRiUyRnd3dy55b3V0dWJlLmNvbSUyRmVtYmVkJTJGSG1PTzlxejRpbTAlM0Zjb250cm9scyUzRDAlMjZyZWwlM0QwJTI2bW9kZXN0YnJhbmRpbmclM0QxJTI2YXV0b3BsYXklM0QxJTI2bG9vcCUzRDElMjZwbGF5bGlzdCUzREhtT085cXo0aW0wJTIyJTIwZnJhbWVib3JkZXIlM0QlMjIwJTIyJTIwJTBBJTIwJTIwJTIwJTIwYWxsb3clM0QlMjJhdXRvcGxheSUzQiUyMGVuY3J5cHRlZC1tZWRpYSUyMiUyMCUwQSUyMCUyMCUyMCUyMGFsbG93ZnVsbHNjcmVlbiUzRSUzQyUyRmlmcmFtZSUzRQ==[\/vc_raw_html][\/vc_column][\/vc_row][\/vc_section][vc_section full_width=&#8220;stretch_row&#8220; el_id=&#8220;residence-top-sec&#8220; css=&#8220;.vc_custom_1637054354909{background-image: url(\/wp-content\/uploads\/2021\/11\/Top.png?id=103) !important;}&#8220;][vc_row full_width=&#8220;stretch_row_content_no_spaces&#8220; el_id=&#8220;residence-top-row&#8220;][vc_column width=&#8220;1\/3&#8243;][vc_single_image image=&#8220;155&#8243; img_size=&#8220;full&#8220; alignment=&#8220;center&#8220;][\/vc_column][vc_column width=&#8220;2\/3&#8243;][vc_column_text] Seniorie St Joseph Consdorf [\/vc_column_text][vc_column_text]Von 1917 bis 1970 diente [\u2026]\" \/>\n<meta property=\"og:url\" content=\"https:\/\/www.zithasenior.lu\/de\/seniories-residences\/seniorie-st-joseph-consdorf\/\" \/>\n<meta property=\"og:site_name\" content=\"Zitha Senior\" \/>\n<meta property=\"article:modified_time\" content=\"2025-11-20T16:25:57+00:00\" \/>\n<meta name=\"twitter:card\" content=\"summary_large_image\" \/>\n<meta name=\"twitter:label1\" content=\"Gesch\u00e4tzte Lesezeit\" \/>\n\t<meta name=\"twitter:data1\" content=\"3\u00a0Minuten\" \/>\n<script type=\"application\/ld+json\" class=\"yoast-schema-graph\">{\"@context\":\"https:\/\/schema.org\",\"@graph\":[{\"@type\":\"WebPage\",\"@id\":\"https:\/\/www.zithasenior.lu\/de\/seniories-residences\/seniorie-st-joseph-consdorf\/\",\"url\":\"https:\/\/www.zithasenior.lu\/de\/seniories-residences\/seniorie-st-joseph-consdorf\/\",\"name\":\"Seniorie St Joseph Consdorf - Zitha Senior\",\"isPartOf\":{\"@id\":\"https:\/\/www.zithasenior.lu\/#website\"},\"datePublished\":\"2021-11-12T10:01:58+00:00\",\"dateModified\":\"2025-11-20T16:25:57+00:00\",\"breadcrumb\":{\"@id\":\"https:\/\/www.zithasenior.lu\/de\/seniories-residences\/seniorie-st-joseph-consdorf\/#breadcrumb\"},\"inLanguage\":\"de\",\"potentialAction\":[{\"@type\":\"ReadAction\",\"target\":[\"https:\/\/www.zithasenior.lu\/de\/seniories-residences\/seniorie-st-joseph-consdorf\/\"]}]},{\"@type\":\"BreadcrumbList\",\"@id\":\"https:\/\/www.zithasenior.lu\/de\/seniories-residences\/seniorie-st-joseph-consdorf\/#breadcrumb\",\"itemListElement\":[{\"@type\":\"ListItem\",\"position\":1,\"name\":\"Home\",\"item\":\"https:\/\/www.zithasenior.lu\/de\/\"},{\"@type\":\"ListItem\",\"position\":2,\"name\":\"Seniories &#038; R\u00e9sidences\",\"item\":\"https:\/\/www.zithasenior.lu\/de\/seniories-residences\/\"},{\"@type\":\"ListItem\",\"position\":3,\"name\":\"Seniorie St Joseph Consdorf\"}]},{\"@type\":\"WebSite\",\"@id\":\"https:\/\/www.zithasenior.lu\/#website\",\"url\":\"https:\/\/www.zithasenior.lu\/\",\"name\":\"Zitha Senior\",\"description\":\"\",\"inLanguage\":\"de\"}]}<\/script>\n<!-- \/ Yoast SEO plugin. -->","yoast_head_json":{"title":"Seniorie St Joseph Consdorf - Zitha Senior","robots":{"index":"index","follow":"follow","max-snippet":"max-snippet:-1","max-image-preview":"max-image-preview:large","max-video-preview":"max-video-preview:-1"},"canonical":"https:\/\/www.zithasenior.lu\/de\/seniories-residences\/seniorie-st-joseph-consdorf\/","og_locale":"de_DE","og_type":"article","og_title":"Seniorie St Joseph Consdorf - Zitha Senior","og_description":"[vc_section full_width=&#8220;stretch_row_content&#8220; css=&#8220;.vc_custom_1763655953457{background-color: #000000 !important;}&#8220;][vc_row][vc_column][vc_raw_html]JTNDaWZyYW1lJTIwd2lkdGglM0QlMjIxMDAlMjUlMjIlMjBoZWlnaHQlM0QlMjI2MDAlMjIlMjBzcmMlM0QlMjJodHRwcyUzQSUyRiUyRnd3dy55b3V0dWJlLmNvbSUyRmVtYmVkJTJGSG1PTzlxejRpbTAlM0Zjb250cm9scyUzRDAlMjZyZWwlM0QwJTI2bW9kZXN0YnJhbmRpbmclM0QxJTI2YXV0b3BsYXklM0QxJTI2bG9vcCUzRDElMjZwbGF5bGlzdCUzREhtT085cXo0aW0wJTIyJTIwZnJhbWVib3JkZXIlM0QlMjIwJTIyJTIwJTBBJTIwJTIwJTIwJTIwYWxsb3clM0QlMjJhdXRvcGxheSUzQiUyMGVuY3J5cHRlZC1tZWRpYSUyMiUyMCUwQSUyMCUyMCUyMCUyMGFsbG93ZnVsbHNjcmVlbiUzRSUzQyUyRmlmcmFtZSUzRQ==[\/vc_raw_html][\/vc_column][\/vc_row][\/vc_section][vc_section full_width=&#8220;stretch_row&#8220; el_id=&#8220;residence-top-sec&#8220; css=&#8220;.vc_custom_1637054354909{background-image: url(\/wp-content\/uploads\/2021\/11\/Top.png?id=103) !important;}&#8220;][vc_row full_width=&#8220;stretch_row_content_no_spaces&#8220; el_id=&#8220;residence-top-row&#8220;][vc_column width=&#8220;1\/3&#8243;][vc_single_image image=&#8220;155&#8243; img_size=&#8220;full&#8220; alignment=&#8220;center&#8220;][\/vc_column][vc_column width=&#8220;2\/3&#8243;][vc_column_text] Seniorie St Joseph Consdorf [\/vc_column_text][vc_column_text]Von 1917 bis 1970 diente [\u2026]","og_url":"https:\/\/www.zithasenior.lu\/de\/seniories-residences\/seniorie-st-joseph-consdorf\/","og_site_name":"Zitha Senior","article_modified_time":"2025-11-20T16:25:57+00:00","twitter_card":"summary_large_image","twitter_misc":{"Gesch\u00e4tzte Lesezeit":"3\u00a0Minuten"},"schema":{"@context":"https:\/\/schema.org","@graph":[{"@type":"WebPage","@id":"https:\/\/www.zithasenior.lu\/de\/seniories-residences\/seniorie-st-joseph-consdorf\/","url":"https:\/\/www.zithasenior.lu\/de\/seniories-residences\/seniorie-st-joseph-consdorf\/","name":"Seniorie St Joseph Consdorf - Zitha Senior","isPartOf":{"@id":"https:\/\/www.zithasenior.lu\/#website"},"datePublished":"2021-11-12T10:01:58+00:00","dateModified":"2025-11-20T16:25:57+00:00","breadcrumb":{"@id":"https:\/\/www.zithasenior.lu\/de\/seniories-residences\/seniorie-st-joseph-consdorf\/#breadcrumb"},"inLanguage":"de","potentialAction":[{"@type":"ReadAction","target":["https:\/\/www.zithasenior.lu\/de\/seniories-residences\/seniorie-st-joseph-consdorf\/"]}]},{"@type":"BreadcrumbList","@id":"https:\/\/www.zithasenior.lu\/de\/seniories-residences\/seniorie-st-joseph-consdorf\/#breadcrumb","itemListElement":[{"@type":"ListItem","position":1,"name":"Home","item":"https:\/\/www.zithasenior.lu\/de\/"},{"@type":"ListItem","position":2,"name":"Seniories &#038; R\u00e9sidences","item":"https:\/\/www.zithasenior.lu\/de\/seniories-residences\/"},{"@type":"ListItem","position":3,"name":"Seniorie St Joseph Consdorf"}]},{"@type":"WebSite","@id":"https:\/\/www.zithasenior.lu\/#website","url":"https:\/\/www.zithasenior.lu\/","name":"Zitha Senior","description":"","inLanguage":"de"}]}},"_links":{"self":[{"href":"https:\/\/www.zithasenior.lu\/de\/wp-json\/wp\/v2\/pages\/343","targetHints":{"allow":["GET"]}}],"collection":[{"href":"https:\/\/www.zithasenior.lu\/de\/wp-json\/wp\/v2\/pages"}],"about":[{"href":"https:\/\/www.zithasenior.lu\/de\/wp-json\/wp\/v2\/types\/page"}],"author":[{"embeddable":true,"href":"https:\/\/www.zithasenior.lu\/de\/wp-json\/wp\/v2\/users\/1"}],"replies":[{"embeddable":true,"href":"https:\/\/www.zithasenior.lu\/de\/wp-json\/wp\/v2\/comments?post=343"}],"version-history":[{"count":7,"href":"https:\/\/www.zithasenior.lu\/de\/wp-json\/wp\/v2\/pages\/343\/revisions"}],"predecessor-version":[{"id":889,"href":"https:\/\/www.zithasenior.lu\/de\/wp-json\/wp\/v2\/pages\/343\/revisions\/889"}],"up":[{"embeddable":true,"href":"https:\/\/www.zithasenior.lu\/de\/wp-json\/wp\/v2\/pages\/355"}],"wp:attachment":[{"href":"https:\/\/www.zithasenior.lu\/de\/wp-json\/wp\/v2\/media?parent=343"}],"curies":[{"name":"wp","href":"https:\/\/api.w.org\/{rel}","templated":true}]}}