{"id":295,"date":"2021-11-19T13:20:15","date_gmt":"2021-11-19T12:20:15","guid":{"rendered":"https:\/\/zithasenior.lu\/qui-sommes-nous\/"},"modified":"2026-01-20T07:47:01","modified_gmt":"2026-01-20T06:47:01","slug":"wer-wir-sind","status":"publish","type":"page","link":"https:\/\/www.zithasenior.lu\/de\/wer-wir-sind\/","title":{"rendered":"Wer wir sind"},"content":{"rendered":"<section class=\"wpb-content-wrapper\"><p>[vc_section full_width=&#8220;stretch_row_content&#8220; el_id=&#8220;intro-img-sec&#8220; css=&#8220;.vc_custom_1654172018549{background-image: url(\/wp-content\/uploads\/2022\/06\/Group-399.jpg?id=421) !important;}&#8220;][vc_row full_width=&#8220;stretch_row_content_no_spaces&#8220;][vc_column][vc_single_image image=&#8220;421&#8243; img_size=&#8220;full&#8220; alignment=&#8220;center&#8220; el_class=&#8220;no-space-img&#8220;][\/vc_column][\/vc_row][\/vc_section][vc_section full_width=&#8220;stretch_row&#8220; el_id=&#8220;main-content-sec&#8220; css=&#8220;.vc_custom_1637320053985{background-image: url(\/wp-content\/uploads\/2021\/11\/Group-211.png?id=48) !important;}&#8220;][vc_row][vc_column][vc_column_text]<\/p>\n<h1 class=\"al-center\">Zitha<\/h1>\n<p>[\/vc_column_text][\/vc_column][\/vc_row][vc_row][vc_column][vc_column_text]<\/p>\n<h2 class=\"al-center\">Die Organisation<\/h2>\n<p>[\/vc_column_text][\/vc_column][\/vc_row][vc_row equal_height=&#8220;yes&#8220; el_id=&#8220;organisation-row&#8220;][vc_column width=&#8220;1\/3&#8243;][vc_row_inner el_class=&#8220;organisation-inner-row&#8220; el_id=&#8220;organisation-row-top-left&#8220; css=&#8220;.vc_custom_1718733120409{margin-bottom: 35px !important;}&#8220;][vc_column_inner][vc_column_text css=&#8220;.vc_custom_1721132385195{margin-bottom: 0px !important;}&#8220;]<\/p>\n<h3 class=\"al-center colored\">Verwaltungsrat <span class=\"organisation-detail\">Fondation Ste Zithe<\/span><\/h3>\n<p>Sr Myriam NEY, Pr\u00e9sidente<br \/>\nSr Mich\u00e8le KOEDINGER<br \/>\nSr Brigitte SCHNEIDERS<br \/>\nViviane SCHAAF<br \/>\nPit HENTGEN<br \/>\nGuy SCHLEDER<br \/>\nClaude SEYWERT[\/vc_column_text][\/vc_column_inner][\/vc_row_inner][vc_row_inner el_class=&#8220;organisation-inner-row&#8220; css=&#8220;.vc_custom_1718733045831{margin-bottom: 35px !important;padding-bottom: 0px !important;}&#8220;][vc_column_inner][vc_column_text css=&#8220;.vc_custom_1637325767790{margin-bottom: 0px !important;}&#8220;]<\/p>\n<h3 class=\"al-center colored\">Verwaltungsrat <span class=\"organisation-detail\">ZithaServices s.a.<\/span><\/h3>\n<p>Dr Carine FEDERSPIEL, Pr\u00e9sidente<br \/>\nSr Mich\u00e8le KOEDINGER<br \/>\nGuy KOHNEN[\/vc_column_text][\/vc_column_inner][\/vc_row_inner][vc_row_inner el_id=&#8220;mid-empty-row&#8220;][vc_column_inner][\/vc_column_inner][\/vc_row_inner][vc_row_inner disable_element=&#8220;yes&#8220; el_class=&#8220;organisation-inner-row&#8220;][vc_column_inner][vc_column_text css=&#8220;.vc_custom_1687341897694{margin-bottom: 0px !important;}&#8220;]<\/p>\n<h3 class=\"al-center colored\">Ethikkomitee<\/h3>\n<p>Dr Enrico CESCUTTI<br \/>\nAlberte KAUFF-SIMON<br \/>\nTh\u00e9o KLEIN<br \/>\nDr Richard MULLER<br \/>\nDr Bernard THILL[\/vc_column_text][\/vc_column_inner][\/vc_row_inner][vc_row_inner disable_element=&#8220;yes&#8220; el_class=&#8220;organisation-inner-row&#8220; el_id=&#8220;organisation-row-bot-left&#8220;][vc_column_inner][\/vc_column_inner][\/vc_row_inner][\/vc_column][vc_column width=&#8220;1\/3&#8243;][vc_row_inner el_class=&#8220;organisation-inner-row&#8220;][vc_column_inner][vc_column_text css=&#8220;.vc_custom_1721132403733{margin-bottom: 0px !important;}&#8220;]<\/p>\n<h3 class=\"al-center colored\">Verwaltungsrat Kongregation<br \/>\nder Schwestern des Regulierten Dritten Ordens von Notre-Dame du Mont Carmel in Luxemburg<\/h3>\n<p>Sr Myriam NEY, Pr\u00e9sidente<br \/>\nSr Mich\u00e8le KOEDINGER<br \/>\nSr Brigitte SCHNEIDERS<br \/>\nViviane SCHAAF<br \/>\nPit HENTGEN<br \/>\nGuy SCHLEDER<br \/>\nClaude SEYWERT[\/vc_column_text][\/vc_column_inner][\/vc_row_inner][vc_row_inner el_class=&#8220;organisation-inner-row&#8220; el_id=&#8220;organization-last-row-mid&#8220;][vc_column_inner][vc_column_text css=&#8220;.vc_custom_1768891619373{margin-bottom: 0px !important;}&#8220;]<\/p>\n<h3 class=\"al-center colored\">Verwaltungsrat <span class=\"organisation-detail\">ZithaUnit a.s.b.l.<\/span><\/h3>\n<p>Dr Carine FEDERSPIEL<br \/>\nGuy KOHNEN<br \/>\nJean-Paul STEINMETZ<br \/>\nChristiane THEISEN[\/vc_column_text][\/vc_column_inner][\/vc_row_inner][\/vc_column][vc_column width=&#8220;1\/3&#8243;][vc_row_inner el_class=&#8220;organisation-inner-row&#8220;][vc_column_inner][vc_column_text css=&#8220;.vc_custom_1768891576445{margin-bottom: 0px !important;}&#8220;]<\/p>\n<h3 class=\"al-center colored\">Verwaltungsrat <span class=\"organisation-detail\">ZithaSenior s.a.<\/span><\/h3>\n<p>Sr Myriam NEY, Pr\u00e9sidente<br \/>\nSr Mich\u00e8le KOEDINGER<br \/>\nPierre ELVINGER<br \/>\nJules GEISEN<br \/>\nGuy KOHNEN<br \/>\nJean OLINGER<\/p>\n<div id=\"gtx-trans\" style=\"position: absolute; left: -4px; top: 143.4px;\">\n<div class=\"gtx-trans-icon\"><\/div>\n<\/div>\n<p>[\/vc_column_text][\/vc_column_inner][\/vc_row_inner][vc_row_inner el_class=&#8220;organisation-inner-row&#8220; el_id=&#8220;organisation-row-bot-right&#8220; css=&#8220;.vc_custom_1718733077911{margin-bottom: 35px !important;}&#8220;][vc_column_inner][vc_column_text css=&#8220;.vc_custom_1768891587887{margin-bottom: 0px !important;}&#8220;]<\/p>\n<h3 class=\"al-center colored\" style=\"margin-bottom: 1.5em;\">Comit\u00e9 ex\u00e9cutif<\/h3>\n<p>Dr Carine FEDERSPIEL, Pr\u00e9sidente<br \/>\nSandro COLLARINI<br \/>\nJeff J\u00dcCH<br \/>\nAngela MALERBA<br \/>\nLaurent ORIGER<br \/>\nHeike SCHMITT<br \/>\nJean-Paul STEINMETZ<br \/>\nChristiane THEISEN[\/vc_column_text][\/vc_column_inner][\/vc_row_inner][vc_row_inner el_id=&#8220;bot-last-empty-row&#8220;][vc_column_inner][\/vc_column_inner][\/vc_row_inner][\/vc_column][\/vc_row][vc_row el_class=&#8220;bot-mar-2&#8243;][vc_column][vc_column_text]<\/p>\n<h2 class=\"al-center top-mar-2 bot-mar-1\">Das Leitbild der Zitha-Gruppe<\/h2>\n<p>[\/vc_column_text][vc_single_image image=&#8220;206&#8243; img_size=&#8220;full&#8220; alignment=&#8220;center&#8220; css=&#8220;.vc_custom_1637324322733{margin-bottom: 0px !important;}&#8220;][vc_column_text]<\/p>\n<ul class=\"split-list\">\n<li>Im Rahmen christlicher Werte verbinden wir Tradition und Zukunft.<\/li>\n<li>Unser Auftrag ist der Dienst am Menschen.<\/li>\n<li>Wir achten die W\u00fcrde eines jeden Menschen in jeder Lebenslage.<\/li>\n<li>F\u00fcr aufmerksame Zuwendung nehmen wir uns Zeit.<\/li>\n<li>Wir wollen einander verstehen und uns verst\u00e4ndlich machen.<\/li>\n<li>Vertrauensw\u00fcrdiges Verhalten schafft Vertrauen.<\/li>\n<li>F\u00fchren und Entscheiden sind Dienst am Ganzen mit Respekt vor dem Einzelnen.<\/li>\n<li>Durch Kompetenz streben wir nach Qualit\u00e4t und Sicherheit.<\/li>\n<li>Unternehmerisches und nachhaltiges Wirtschaften sichert unsere Zukunft.<\/li>\n<li>Gegen\u00fcber unseren Partnern verhalten wir uns fair, verl\u00e4sslich und wertsch\u00e4tzend.<\/li>\n<\/ul>\n<p>[\/vc_column_text][\/vc_column][\/vc_row][\/vc_section][vc_section el_id=&#8220;contact&#8220;][vc_row el_id=&#8220;contact-head-de&#8220;][vc_column][vc_column_text]<\/p>\n<h2>Kontaktieren Sie uns<\/h2>\n<p>[\/vc_column_text][\/vc_column][\/vc_row][vc_row equal_height=&#8220;yes&#8220; el_id=&#8220;contact-de&#8220;][vc_column width=&#8220;1\/3&#8243;]\n<div class=\"wpcf7 no-js\" id=\"wpcf7-f70-o1\" lang=\"en-US\" dir=\"ltr\">\n<div class=\"screen-reader-response\"><p role=\"status\" aria-live=\"polite\" aria-atomic=\"true\"><\/p> <ul><\/ul><\/div>\n<form action=\"\/de\/wp-json\/wp\/v2\/pages\/295#wpcf7-f70-o1\" method=\"post\" class=\"wpcf7-form init\" aria-label=\"Contact form\" novalidate=\"novalidate\" data-status=\"init\">\n<div style=\"display: none;\">\n<input type=\"hidden\" name=\"_wpcf7\" value=\"70\" \/>\n<input type=\"hidden\" name=\"_wpcf7_version\" value=\"5.8.5\" \/>\n<input type=\"hidden\" name=\"_wpcf7_locale\" value=\"en_US\" \/>\n<input type=\"hidden\" name=\"_wpcf7_unit_tag\" value=\"wpcf7-f70-o1\" \/>\n<input type=\"hidden\" name=\"_wpcf7_container_post\" value=\"0\" \/>\n<input type=\"hidden\" name=\"_wpcf7_posted_data_hash\" value=\"\" \/>\n<input type=\"hidden\" name=\"_wpcf7_recaptcha_response\" value=\"\" \/>\n<\/div>\n<p><label>Nachname<\/label><span class=\"wpcf7-form-control-wrap\" data-name=\"your-name\"><input size=\"40\" class=\"wpcf7-form-control wpcf7-text wpcf7-validates-as-required\" aria-required=\"true\" aria-invalid=\"false\" value=\"\" type=\"text\" name=\"your-name\" \/><\/span>\n<\/p>\n<p><label>Vorname<\/label><span class=\"wpcf7-form-control-wrap\" data-name=\"your-first-name\"><input size=\"40\" class=\"wpcf7-form-control wpcf7-text wpcf7-validates-as-required\" aria-required=\"true\" aria-invalid=\"false\" value=\"\" type=\"text\" name=\"your-first-name\" \/><\/span>\n<\/p>\n<p><label>E-mail<\/label><span class=\"wpcf7-form-control-wrap\" data-name=\"your-email\"><input size=\"40\" class=\"wpcf7-form-control wpcf7-email wpcf7-validates-as-required wpcf7-text wpcf7-validates-as-email\" aria-required=\"true\" aria-invalid=\"false\" value=\"\" type=\"email\" name=\"your-email\" \/><\/span>\n<\/p>\n<p><label>Betreff<\/label><span class=\"wpcf7-form-control-wrap\" data-name=\"your-subject\"><input size=\"40\" class=\"wpcf7-form-control wpcf7-text wpcf7-validates-as-required\" aria-required=\"true\" aria-invalid=\"false\" value=\"\" type=\"text\" name=\"your-subject\" \/><\/span>\n<\/p>\n<p><label>Nachricht<\/label><span class=\"wpcf7-form-control-wrap\" data-name=\"your-message\"><textarea cols=\"40\" rows=\"10\" class=\"wpcf7-form-control wpcf7-textarea wpcf7-validates-as-required\" aria-required=\"true\" aria-invalid=\"false\" name=\"your-message\"><\/textarea><\/span>\n<\/p>\n<p><input class=\"wpcf7-form-control wpcf7-submit has-spinner\" type=\"submit\" value=\"Senden\" \/>\n<\/p><input type='hidden' class='wpcf7-pum' value='{\"closepopup\":false,\"closedelay\":0,\"openpopup\":false,\"openpopup_id\":0}' \/><div class=\"wpcf7-response-output\" aria-hidden=\"true\"><\/div>\n<\/form>\n<\/div>\n[\/vc_column][vc_column width=&#8220;1\/3&#8243;][vc_column_text]F\u00fcr weitere Informationen kontaktieren Sie uns bitte telefonisch, per E-Mail oder f\u00fcllen Sie das nebenstehende Formular aus.<\/p>\n<p>Wir werden uns umgehend bei Ihnen melden.<\/p>\n<p><strong>ZithaSenior<\/strong><br \/>\n30, rue Sainte Zithe L-2763<br \/>\nLuxembourg<br \/>\nTel.: <a href=\"tel:+352401442054\">40 144-2054<\/a><br \/>\nEmail : <a href=\"mailto:info@zitha.lu\">info@zitha.lu<\/a><\/p>\n<p><strong>Stellenangebote:<\/strong><br \/>\nF\u00fcr unsere Stellenangebote und das Senden Ihrer Bewerbung bitten wir Sie, unsere Website zu besuchen: <a href=\"https:\/\/jobs.zitha.lu\" target=\"_blank\" rel=\"nofollow noopener\">jobs.zitha.lu<\/a>[\/vc_column_text][\/vc_column][vc_column width=&#8220;1\/3&#8243;][vc_gmaps link=&#8220;#E-8_JTNDaWZyYW1lJTIwc3JjJTNEJTIyaHR0cHMlM0ElMkYlMkZ3d3cuZ29vZ2xlLmNvbSUyRm1hcHMlMkZlbWJlZCUzRnBiJTNEJTIxMW0xOCUyMTFtMTIlMjExbTMlMjExZDY0Ni40MTI1MzE5NDQxMDE4JTIxMmQ2LjEyODQzNDQ3OTg5MTUzMDUlMjEzZDQ5LjYwNDM0Njk2MzkwMTg2JTIxMm0zJTIxMWYwJTIxMmYwJTIxM2YwJTIxM20yJTIxMWkxMDI0JTIxMmk3NjglMjE0ZjEzLjElMjEzbTMlMjExbTIlMjExczB4NDc5NTQ4ZDEzODhhMmMxMyUyNTNBMHg3ZDZjN2ZjOGI0MmNiODNhJTIxMnNaaXRoYVNlbmlvciUyNTIwU0ElMjE1ZTAlMjEzbTIlMjExc2RlJTIxMnNkZSUyMTR2MTYzNjcyMDg4NjQ2MiUyMTVtMiUyMTFzZGUlMjEyc2RlJTIyJTIwJTIwc3R5bGUlM0QlMjJib3JkZXIlM0EwJTNCJTIyJTIwYWxsb3dmdWxsc2NyZWVuJTNEJTIyJTIyJTIwbG9hZGluZyUzRCUyMmxhenklMjIlM0UlM0MlMkZpZnJhbWUlM0U=&#8220; size=&#8220;405px&#8220; css=&#8220;.vc_custom_1636722034659{margin-bottom: 0px !important;}&#8220;][\/vc_column][\/vc_row][\/vc_section]<\/p>\n<\/section>","protected":false},"excerpt":{"rendered":"<p>[vc_section full_width=&#8220;stretch_row_content&#8220; el_id=&#8220;intro-img-sec&#8220; css=&#8220;.vc_custom_1654172018549{background-image: url(\/wp-content\/uploads\/2022\/06\/Group-399.jpg?id=421) !important;}&#8220;][vc_row full_width=&#8220;stretch_row_content_no_spaces&#8220;][vc_column][vc_single_image image=&#8220;421&#8243; img_size=&#8220;full&#8220; alignment=&#8220;center&#8220; el_class=&#8220;no-space-img&#8220;][\/vc_column][\/vc_row][\/vc_section][vc_section full_width=&#8220;stretch_row&#8220; el_id=&#8220;main-content-sec&#8220; css=&#8220;.vc_custom_1637320053985{background-image: url(\/wp-content\/uploads\/2021\/11\/Group-211.png?id=48) !important;}&#8220;][vc_row][vc_column][vc_column_text] Zitha [\/vc_column_text][\/vc_column][\/vc_row][vc_row][vc_column][vc_column_text] Die Organisation [\/vc_column_text][\/vc_column][\/vc_row][vc_row equal_height=&#8220;yes&#8220; el_id=&#8220;organisation-row&#8220;][vc_column width=&#8220;1\/3&#8243;][vc_row_inner el_class=&#8220;organisation-inner-row&#8220; el_id=&#8220;organisation-row-top-left&#8220;<span class=\"excerpt-hellip\"> [\u2026]<\/span><\/p>\n","protected":false},"author":1,"featured_media":0,"parent":0,"menu_order":0,"comment_status":"closed","ping_status":"closed","template":"","meta":{"footnotes":""},"class_list":["post-295","page","type-page","status-publish","hentry"],"yoast_head":"<!-- This site is optimized with the Yoast SEO plugin v21.7 - https:\/\/yoast.com\/wordpress\/plugins\/seo\/ -->\n<title>Wer wir sind - Zitha Senior<\/title>\n<meta name=\"robots\" content=\"index, follow, max-snippet:-1, max-image-preview:large, max-video-preview:-1\" \/>\n<link rel=\"canonical\" href=\"https:\/\/www.zithasenior.lu\/de\/wer-wir-sind\/\" \/>\n<meta property=\"og:locale\" content=\"de_DE\" \/>\n<meta property=\"og:type\" content=\"article\" \/>\n<meta property=\"og:title\" content=\"Wer wir sind - Zitha Senior\" \/>\n<meta property=\"og:description\" content=\"[vc_section full_width=&#8220;stretch_row_content&#8220; el_id=&#8220;intro-img-sec&#8220; css=&#8220;.vc_custom_1654172018549{background-image: url(\/wp-content\/uploads\/2022\/06\/Group-399.jpg?id=421) !important;}&#8220;][vc_row full_width=&#8220;stretch_row_content_no_spaces&#8220;][vc_column][vc_single_image image=&#8220;421&#8243; img_size=&#8220;full&#8220; alignment=&#8220;center&#8220; el_class=&#8220;no-space-img&#8220;][\/vc_column][\/vc_row][\/vc_section][vc_section full_width=&#8220;stretch_row&#8220; el_id=&#8220;main-content-sec&#8220; css=&#8220;.vc_custom_1637320053985{background-image: url(\/wp-content\/uploads\/2021\/11\/Group-211.png?id=48) !important;}&#8220;][vc_row][vc_column][vc_column_text] Zitha [\/vc_column_text][\/vc_column][\/vc_row][vc_row][vc_column][vc_column_text] Die Organisation [\/vc_column_text][\/vc_column][\/vc_row][vc_row equal_height=&#8220;yes&#8220; el_id=&#8220;organisation-row&#8220;][vc_column width=&#8220;1\/3&#8243;][vc_row_inner el_class=&#8220;organisation-inner-row&#8220; el_id=&#8220;organisation-row-top-left&#8220; [\u2026]\" \/>\n<meta property=\"og:url\" content=\"https:\/\/www.zithasenior.lu\/de\/wer-wir-sind\/\" \/>\n<meta property=\"og:site_name\" content=\"Zitha Senior\" \/>\n<meta property=\"article:modified_time\" content=\"2026-01-20T06:47:01+00:00\" \/>\n<meta name=\"twitter:card\" content=\"summary_large_image\" \/>\n<meta name=\"twitter:label1\" content=\"Gesch\u00e4tzte Lesezeit\" \/>\n\t<meta name=\"twitter:data1\" content=\"3\u00a0Minuten\" \/>\n<script type=\"application\/ld+json\" class=\"yoast-schema-graph\">{\"@context\":\"https:\/\/schema.org\",\"@graph\":[{\"@type\":\"WebPage\",\"@id\":\"https:\/\/www.zithasenior.lu\/de\/wer-wir-sind\/\",\"url\":\"https:\/\/www.zithasenior.lu\/de\/wer-wir-sind\/\",\"name\":\"Wer wir sind - Zitha Senior\",\"isPartOf\":{\"@id\":\"https:\/\/www.zithasenior.lu\/#website\"},\"datePublished\":\"2021-11-19T12:20:15+00:00\",\"dateModified\":\"2026-01-20T06:47:01+00:00\",\"breadcrumb\":{\"@id\":\"https:\/\/www.zithasenior.lu\/de\/wer-wir-sind\/#breadcrumb\"},\"inLanguage\":\"de\",\"potentialAction\":[{\"@type\":\"ReadAction\",\"target\":[\"https:\/\/www.zithasenior.lu\/de\/wer-wir-sind\/\"]}]},{\"@type\":\"BreadcrumbList\",\"@id\":\"https:\/\/www.zithasenior.lu\/de\/wer-wir-sind\/#breadcrumb\",\"itemListElement\":[{\"@type\":\"ListItem\",\"position\":1,\"name\":\"Home\",\"item\":\"https:\/\/www.zithasenior.lu\/de\/\"},{\"@type\":\"ListItem\",\"position\":2,\"name\":\"Wer wir sind\"}]},{\"@type\":\"WebSite\",\"@id\":\"https:\/\/www.zithasenior.lu\/#website\",\"url\":\"https:\/\/www.zithasenior.lu\/\",\"name\":\"Zitha Senior\",\"description\":\"\",\"inLanguage\":\"de\"}]}<\/script>\n<!-- \/ Yoast SEO plugin. -->","yoast_head_json":{"title":"Wer wir sind - Zitha Senior","robots":{"index":"index","follow":"follow","max-snippet":"max-snippet:-1","max-image-preview":"max-image-preview:large","max-video-preview":"max-video-preview:-1"},"canonical":"https:\/\/www.zithasenior.lu\/de\/wer-wir-sind\/","og_locale":"de_DE","og_type":"article","og_title":"Wer wir sind - Zitha Senior","og_description":"[vc_section full_width=&#8220;stretch_row_content&#8220; el_id=&#8220;intro-img-sec&#8220; css=&#8220;.vc_custom_1654172018549{background-image: url(\/wp-content\/uploads\/2022\/06\/Group-399.jpg?id=421) !important;}&#8220;][vc_row full_width=&#8220;stretch_row_content_no_spaces&#8220;][vc_column][vc_single_image image=&#8220;421&#8243; img_size=&#8220;full&#8220; alignment=&#8220;center&#8220; el_class=&#8220;no-space-img&#8220;][\/vc_column][\/vc_row][\/vc_section][vc_section full_width=&#8220;stretch_row&#8220; el_id=&#8220;main-content-sec&#8220; css=&#8220;.vc_custom_1637320053985{background-image: url(\/wp-content\/uploads\/2021\/11\/Group-211.png?id=48) !important;}&#8220;][vc_row][vc_column][vc_column_text] Zitha [\/vc_column_text][\/vc_column][\/vc_row][vc_row][vc_column][vc_column_text] Die Organisation [\/vc_column_text][\/vc_column][\/vc_row][vc_row equal_height=&#8220;yes&#8220; el_id=&#8220;organisation-row&#8220;][vc_column width=&#8220;1\/3&#8243;][vc_row_inner el_class=&#8220;organisation-inner-row&#8220; el_id=&#8220;organisation-row-top-left&#8220; [\u2026]","og_url":"https:\/\/www.zithasenior.lu\/de\/wer-wir-sind\/","og_site_name":"Zitha Senior","article_modified_time":"2026-01-20T06:47:01+00:00","twitter_card":"summary_large_image","twitter_misc":{"Gesch\u00e4tzte Lesezeit":"3\u00a0Minuten"},"schema":{"@context":"https:\/\/schema.org","@graph":[{"@type":"WebPage","@id":"https:\/\/www.zithasenior.lu\/de\/wer-wir-sind\/","url":"https:\/\/www.zithasenior.lu\/de\/wer-wir-sind\/","name":"Wer wir sind - Zitha Senior","isPartOf":{"@id":"https:\/\/www.zithasenior.lu\/#website"},"datePublished":"2021-11-19T12:20:15+00:00","dateModified":"2026-01-20T06:47:01+00:00","breadcrumb":{"@id":"https:\/\/www.zithasenior.lu\/de\/wer-wir-sind\/#breadcrumb"},"inLanguage":"de","potentialAction":[{"@type":"ReadAction","target":["https:\/\/www.zithasenior.lu\/de\/wer-wir-sind\/"]}]},{"@type":"BreadcrumbList","@id":"https:\/\/www.zithasenior.lu\/de\/wer-wir-sind\/#breadcrumb","itemListElement":[{"@type":"ListItem","position":1,"name":"Home","item":"https:\/\/www.zithasenior.lu\/de\/"},{"@type":"ListItem","position":2,"name":"Wer wir sind"}]},{"@type":"WebSite","@id":"https:\/\/www.zithasenior.lu\/#website","url":"https:\/\/www.zithasenior.lu\/","name":"Zitha Senior","description":"","inLanguage":"de"}]}},"_links":{"self":[{"href":"https:\/\/www.zithasenior.lu\/de\/wp-json\/wp\/v2\/pages\/295","targetHints":{"allow":["GET"]}}],"collection":[{"href":"https:\/\/www.zithasenior.lu\/de\/wp-json\/wp\/v2\/pages"}],"about":[{"href":"https:\/\/www.zithasenior.lu\/de\/wp-json\/wp\/v2\/types\/page"}],"author":[{"embeddable":true,"href":"https:\/\/www.zithasenior.lu\/de\/wp-json\/wp\/v2\/users\/1"}],"replies":[{"embeddable":true,"href":"https:\/\/www.zithasenior.lu\/de\/wp-json\/wp\/v2\/comments?post=295"}],"version-history":[{"count":20,"href":"https:\/\/www.zithasenior.lu\/de\/wp-json\/wp\/v2\/pages\/295\/revisions"}],"predecessor-version":[{"id":893,"href":"https:\/\/www.zithasenior.lu\/de\/wp-json\/wp\/v2\/pages\/295\/revisions\/893"}],"wp:attachment":[{"href":"https:\/\/www.zithasenior.lu\/de\/wp-json\/wp\/v2\/media?parent=295"}],"curies":[{"name":"wp","href":"https:\/\/api.w.org\/{rel}","templated":true}]}}